{"id":11343,"date":"2015-01-09T13:36:48","date_gmt":"2015-01-09T11:36:48","guid":{"rendered":"http:\/\/valoareplus.ro\/new\/?page_id=11343"},"modified":"2016-11-15T12:09:05","modified_gmt":"2016-11-15T10:09:05","slug":"projects","status":"publish","type":"page","link":"https:\/\/valoareplus.ro\/?page_id=11343&lang=en","title":{"rendered":"Projects"},"content":{"rendered":"<div class=\"fusion-fullwidth fullwidth-box fusion-builder-row-1 hundred-percent-fullwidth non-hundred-percent-height-scrolling\" style=\"background-color: rgba(255,255,255,0);background-position: center center;background-repeat: no-repeat;padding-top:0px;padding-right:0px;padding-bottom:0px;padding-left:0px;margin-bottom: 0px;margin-top: 0px;border-width: 0px 0px 0px 0px;border-color:#eae9e9;border-style:solid;\" ><div class=\"fusion-builder-row fusion-row\"><div class=\"fusion-layout-column fusion_builder_column fusion-builder-column-0 fusion_builder_column_1_1 1_1 fusion-one-full fusion-column-first fusion-column-last fusion-column-no-min-height\" style=\"margin-top:0px;margin-bottom:0px;\"><div class=\"fusion-column-wrapper fusion-flex-column-wrapper-legacy\" style=\"background-position:left top;background-repeat:no-repeat;-webkit-background-size:cover;-moz-background-size:cover;-o-background-size:cover;background-size:cover;padding: 0px 0px 0px 0px;\"><style type=\"text\/css\">.fusion-portfolio-wrapper#fusion-portfolio-1 .fusion-portfolio-content{  text-align: left; }<\/style><div class=\"fusion-recent-works fusion-portfolio-element fusion-portfolio fusion-portfolio-1 fusion-portfolio-grid fusion-portfolio-paging-pagination fusion-portfolio-three fusion-portfolio-unboxed fusion-portfolio-text fusion-portfolio-rollover\" data-id=\"-rw-1\" data-columns=\"three\"><style type=\"text\/css\">.fusion-portfolio-1 .fusion-portfolio-wrapper .fusion-col-spacing{padding:6px;}<\/style><div class=\"fusion-portfolio-wrapper\" id=\"fusion-portfolio-1\" data-picturesize=\"auto\" data-pages=\"6\" style=\"margin:-6px;\"><article id=\"portfolio-1-post-14114\" class=\"fusion-portfolio-post proiecte-active fusion-col-spacing post-14114\"><div class=\"fusion-portfolio-content-wrapper\" style=\"border:none;\"><span class=\"vcard rich-snippet-hidden\"><span class=\"fn\"><a href=\"https:\/\/valoareplus.ro\/?author=1\" title=\"Articole de Asociatia Valoare Plus\" rel=\"author\">Asociatia Valoare Plus<\/a><\/span><\/span><span class=\"updated rich-snippet-hidden\">2022-12-11T01:51:13+02:00<\/span><div  class=\"fusion-image-wrapper\" aria-haspopup=\"true\">\n\t\t\t\t<img decoding=\"async\" width=\"3413\" height=\"1920\" src=\"https:\/\/valoareplus.ro\/wp-content\/uploads\/2021\/12\/pdf-pdf.jpg\" class=\"attachment-full size-full wp-post-image\" alt=\"\" \/><div class=\"fusion-rollover\">\n\t<div class=\"fusion-rollover-content\">\n\n\t\t\t\t\t\t\t\t\t\t\t\t\t\t<a class=\"fusion-rollover-link\" href=\"https:\/\/valoareplus.ro\/?avada_portfolio=14114\">Ne pas\u0103 de cei ce n-au cas\u0103<\/a>\n\t\t\t\n\t\t\t\t\t\t\t\t\t\t\t\t\t\t\n\t\t\t\t\t\t\t\t\n\t\t\t\t\t\t\t\t\t\t\t\t\t<div class=\"fusion-rollover-sep\"><\/div>\n\t\t\t\t\n\t\t\t\t\t\t\t\t\t\t\t\t\t\t\t\t\t\t<a class=\"fusion-rollover-gallery\" href=\"https:\/\/valoareplus.ro\/wp-content\/uploads\/2021\/12\/pdf-pdf.jpg\" data-id=\"14114\" data-rel=\"iLightbox[gallery-rw-1]\" data-title=\"pdf\" data-caption=\"\">\n\t\t\t\t\t\tGallery\t\t\t\t\t<\/a>\n\t\t\t\t\t\t\t\t\t\t\t\t\t\t\n\t\t\n\t\t\t\t\t\t\t\t\t\t\t\t<h4 class=\"fusion-rollover-title\">\n\t\t\t\t\t<a class=\"fusion-rollover-title-link\" href=\"https:\/\/valoareplus.ro\/?avada_portfolio=14114\">\n\t\t\t\t\t\tNe pas\u0103 de cei ce n-au cas\u0103\t\t\t\t\t<\/a>\n\t\t\t\t<\/h4>\n\t\t\t\n\t\t\t\t\t\t\t\t\t\t<div class=\"fusion-rollover-categories\"><a href=\"https:\/\/valoareplus.ro\/?portfolio_category=proiecte-active\" rel=\"tag\">Proiecte active<\/a><\/div>\t\t\t\t\t\n\t\t\n\t\t\t\t\t\t<a class=\"fusion-link-wrapper\" href=\"https:\/\/valoareplus.ro\/?avada_portfolio=14114\" aria-label=\"Ne pas\u0103 de cei ce n-au cas\u0103\"><\/a>\n\t<\/div>\n<\/div>\n<\/div>\n<div class=\"fusion-portfolio-content\"><h2 class=\"entry-title fusion-post-title\"><a href=\"https:\/\/valoareplus.ro\/?avada_portfolio=14114\">Ne pas\u0103 de cei ce n-au cas\u0103<\/a><\/h2><div class=\"fusion-portfolio-meta\"><a href=\"https:\/\/valoareplus.ro\/?portfolio_category=proiecte-active\" rel=\"tag\">Proiecte active<\/a><\/div><div class=\"fusion-post-content\"><p> \"Decembrie e luna cadourilor, a luminilor, a bucuriei! In luna decembrie, familia se str\u00e2nge \u00eempreuna \u00een jurul bradului, \u0219i cei mai mul\u021bi dintre noi, s\u0103rb\u0103torim na\u0219terea M\u00e2ntuitorului, cu masa \u00eembelsugat\u0103. \u00cen tot acest timp, s\u0103 nu uit\u0103m de semeni no\u0219ti care, din diferite motive, sunt f\u0103r\u0103 ad\u0103post, locuiesc ziua [...]<\/p><\/div><\/div><\/div><\/article><article id=\"portfolio-1-post-14069\" class=\"fusion-portfolio-post proiecte-incheiate fusion-col-spacing post-14069\"><div class=\"fusion-portfolio-content-wrapper\" style=\"border:none;\"><span class=\"vcard rich-snippet-hidden\"><span class=\"fn\"><a href=\"https:\/\/valoareplus.ro\/?author=1\" title=\"Articole de Asociatia Valoare Plus\" rel=\"author\">Asociatia Valoare Plus<\/a><\/span><\/span><span class=\"updated rich-snippet-hidden\">2021-12-06T11:29:04+02:00<\/span><div  class=\"fusion-image-wrapper\" aria-haspopup=\"true\">\n\t\t\t\t<img decoding=\"async\" width=\"1583\" height=\"682\" src=\"https:\/\/valoareplus.ro\/wp-content\/uploads\/2020\/12\/ofera-o-masa-celor-fara-casa-2020.jpg\" class=\"attachment-full size-full wp-post-image\" alt=\"ofera o masa celor fara casa 2020\" srcset=\"https:\/\/valoareplus.ro\/wp-content\/uploads\/2020\/12\/ofera-o-masa-celor-fara-casa-2020-200x86.jpg 200w, https:\/\/valoareplus.ro\/wp-content\/uploads\/2020\/12\/ofera-o-masa-celor-fara-casa-2020-400x172.jpg 400w, https:\/\/valoareplus.ro\/wp-content\/uploads\/2020\/12\/ofera-o-masa-celor-fara-casa-2020-600x258.jpg 600w, https:\/\/valoareplus.ro\/wp-content\/uploads\/2020\/12\/ofera-o-masa-celor-fara-casa-2020-800x345.jpg 800w, https:\/\/valoareplus.ro\/wp-content\/uploads\/2020\/12\/ofera-o-masa-celor-fara-casa-2020-1200x517.jpg 1200w, https:\/\/valoareplus.ro\/wp-content\/uploads\/2020\/12\/ofera-o-masa-celor-fara-casa-2020.jpg 1583w\" sizes=\"(min-width: 2200px) 100vw, (min-width: 704px) 392px, (min-width: 672px) 588px, (min-width: 640px) 672px, \" \/><div class=\"fusion-rollover\">\n\t<div class=\"fusion-rollover-content\">\n\n\t\t\t\t\t\t\t\t\t\t\t\t\t\t<a class=\"fusion-rollover-link\" href=\"https:\/\/valoareplus.ro\/?avada_portfolio=ofera-o-masa-celor-fara-casa-in-iarna-2020\">Ofer\u0103 o mas\u0103 celor f\u0103r\u0103 cas\u0103 \u00een iarna 2020<\/a>\n\t\t\t\n\t\t\t\t\t\t\t\t\t\t\t\t\t\t\n\t\t\t\t\t\t\t\t\t\t\t\t\t\t\t\t\t\n\t\t\t\t\t\t\t\t\t\t\t\t\t<div class=\"fusion-rollover-sep\"><\/div>\n\t\t\t\t\n\t\t\t\t\t\t\t\t\t\t\t\t\t\t\t\t\t\t<a class=\"fusion-rollover-gallery\" href=\"https:\/\/youtu.be\/yGfmZjpM0IA\" data-id=\"14069\" data-rel=\"iLightbox[gallery-rw-1]\" data-title=\"ofera o masa celor fara casa 2020\" data-caption=\"\">\n\t\t\t\t\t\tGallery\t\t\t\t\t<\/a>\n\t\t\t\t\t\t\t\t\t\t\t\t\t\t\n\t\t\n\t\t\t\t\t\t\t\t\t\t\t\t<h4 class=\"fusion-rollover-title\">\n\t\t\t\t\t<a class=\"fusion-rollover-title-link\" href=\"https:\/\/valoareplus.ro\/?avada_portfolio=ofera-o-masa-celor-fara-casa-in-iarna-2020\">\n\t\t\t\t\t\tOfer\u0103 o mas\u0103 celor f\u0103r\u0103 cas\u0103 \u00een iarna 2020\t\t\t\t\t<\/a>\n\t\t\t\t<\/h4>\n\t\t\t\n\t\t\t\t\t\t\t\t\t\t<div class=\"fusion-rollover-categories\"><a href=\"https:\/\/valoareplus.ro\/?portfolio_category=proiecte-incheiate\" rel=\"tag\">Proiecte \u00eencheiate<\/a><\/div>\t\t\t\t\t\n\t\t\n\t\t\t\t\t\t<a class=\"fusion-link-wrapper\" href=\"https:\/\/valoareplus.ro\/?avada_portfolio=ofera-o-masa-celor-fara-casa-in-iarna-2020\" aria-label=\"Ofer\u0103 o mas\u0103 celor f\u0103r\u0103 cas\u0103 \u00een iarna 2020\"><\/a>\n\t<\/div>\n<\/div>\n<\/div>\n<div class=\"fusion-portfolio-content\"><h2 class=\"entry-title fusion-post-title\"><a href=\"https:\/\/valoareplus.ro\/?avada_portfolio=ofera-o-masa-celor-fara-casa-in-iarna-2020\">Ofer\u0103 o mas\u0103 celor f\u0103r\u0103 cas\u0103 \u00een iarna 2020<\/a><\/h2><div class=\"fusion-portfolio-meta\"><a href=\"https:\/\/valoareplus.ro\/?portfolio_category=proiecte-incheiate\" rel=\"tag\">Proiecte \u00eencheiate<\/a><\/div><div class=\"fusion-post-content\"><p> \"Dac\u0103 \u00een timpul s\u0103rb\u0103torilor de iarn\u0103 ai masa \u00eenc\u0103rcat\u0103, atunci te provoc\u0103m s\u0103 d\u0103ruie\u0219ti \u0219i celor ce nu au cas\u0103 o mas\u0103 cald\u0103 de s\u0103rb\u0103tori! \u00cen fiecare an am hot\u0103r\u00e2t s\u0103 desf\u0103\u0219ur\u0103m campania:\"Ofer\u0103 o mas\u0103 celor f\u0103r\u0103 cas\u0103!\", campanie ce \u00ee\u0219i propune s\u0103 asigure c\u00e2te o mas\u0103 \u0219i o [...]<\/p><\/div><\/div><\/div><\/article><article id=\"portfolio-1-post-14018\" class=\"fusion-portfolio-post proiecte-incheiate fusion-col-spacing post-14018\"><div class=\"fusion-portfolio-content-wrapper\" style=\"border:none;\"><span class=\"vcard rich-snippet-hidden\"><span class=\"fn\"><a href=\"https:\/\/valoareplus.ro\/?author=1\" title=\"Articole de Asociatia Valoare Plus\" rel=\"author\">Asociatia Valoare Plus<\/a><\/span><\/span><span class=\"updated rich-snippet-hidden\">2020-12-11T14:12:26+02:00<\/span><div  class=\"fusion-image-wrapper\" aria-haspopup=\"true\">\n\t\t\t\t<img decoding=\"async\" width=\"1200\" height=\"830\" src=\"https:\/\/valoareplus.ro\/wp-content\/uploads\/2020\/03\/cover-campanie-donez-ca-sa-protejez.jpg.png\" class=\"attachment-full size-full wp-post-image\" alt=\"\" srcset=\"https:\/\/valoareplus.ro\/wp-content\/uploads\/2020\/03\/cover-campanie-donez-ca-sa-protejez.jpg-200x138.png 200w, https:\/\/valoareplus.ro\/wp-content\/uploads\/2020\/03\/cover-campanie-donez-ca-sa-protejez.jpg-400x277.png 400w, https:\/\/valoareplus.ro\/wp-content\/uploads\/2020\/03\/cover-campanie-donez-ca-sa-protejez.jpg-600x415.png 600w, https:\/\/valoareplus.ro\/wp-content\/uploads\/2020\/03\/cover-campanie-donez-ca-sa-protejez.jpg-800x553.png 800w, https:\/\/valoareplus.ro\/wp-content\/uploads\/2020\/03\/cover-campanie-donez-ca-sa-protejez.jpg.png 1200w\" sizes=\"(min-width: 2200px) 100vw, (min-width: 704px) 392px, (min-width: 672px) 588px, (min-width: 640px) 672px, \" \/><div class=\"fusion-rollover\">\n\t<div class=\"fusion-rollover-content\">\n\n\t\t\t\t\t\t\t\t\t\t\t\t\t\t<a class=\"fusion-rollover-link\" href=\"https:\/\/valoareplus.ro\/?avada_portfolio=donez-ca-sa-protejez\">Campanie de str\u00e2ngere de fonduri: Donez ca s\u0103 protejez<\/a>\n\t\t\t\n\t\t\t\t\t\t\t\t\t\t\t\t\t\t\n\t\t\t\t\t\t\t\t\n\t\t\t\t\t\t\t\t\t\t\t\t\t<div class=\"fusion-rollover-sep\"><\/div>\n\t\t\t\t\n\t\t\t\t\t\t\t\t\t\t\t\t\t\t\t\t\t\t<a class=\"fusion-rollover-gallery\" href=\"https:\/\/valoareplus.ro\/wp-content\/uploads\/2020\/03\/cover-campanie-donez-ca-sa-protejez.jpg.png\" data-id=\"14018\" data-rel=\"iLightbox[gallery-rw-1]\" data-title=\"cover campanie donez ca sa protejez.jpg\" data-caption=\"\">\n\t\t\t\t\t\tGallery\t\t\t\t\t<\/a>\n\t\t\t\t\t\t\t\t\t\t\t\t\t\t\n\t\t\n\t\t\t\t\t\t\t\t\t\t\t\t<h4 class=\"fusion-rollover-title\">\n\t\t\t\t\t<a class=\"fusion-rollover-title-link\" href=\"https:\/\/valoareplus.ro\/?avada_portfolio=donez-ca-sa-protejez\">\n\t\t\t\t\t\tCampanie de str\u00e2ngere de fonduri: Donez ca s\u0103 protejez\t\t\t\t\t<\/a>\n\t\t\t\t<\/h4>\n\t\t\t\n\t\t\t\t\t\t\t\t\t\t<div class=\"fusion-rollover-categories\"><a href=\"https:\/\/valoareplus.ro\/?portfolio_category=proiecte-incheiate\" rel=\"tag\">Proiecte \u00eencheiate<\/a><\/div>\t\t\t\t\t\n\t\t\n\t\t\t\t\t\t<a class=\"fusion-link-wrapper\" href=\"https:\/\/valoareplus.ro\/?avada_portfolio=donez-ca-sa-protejez\" aria-label=\"Campanie de str\u00e2ngere de fonduri: Donez ca s\u0103 protejez\"><\/a>\n\t<\/div>\n<\/div>\n<\/div>\n<div class=\"fusion-portfolio-content\"><h2 class=\"entry-title fusion-post-title\"><a href=\"https:\/\/valoareplus.ro\/?avada_portfolio=donez-ca-sa-protejez\">Campanie de str\u00e2ngere de fonduri: Donez ca s\u0103 protejez<\/a><\/h2><div class=\"fusion-portfolio-meta\"><a href=\"https:\/\/valoareplus.ro\/?portfolio_category=proiecte-incheiate\" rel=\"tag\">Proiecte \u00eencheiate<\/a><\/div><div class=\"fusion-post-content\"><p> To\u021bi trecem prin aceste momente dificile, dar uni dintre noi au nevoie mai mult dec\u00e2t al\u021bi, de aten\u021bia, sprijinul \u0219i protec\u021bia noastr\u0103. M\u0103 refer aici la persoanele \u00een v\u00e2rst\u0103 \u0219i singure care trebuie s\u0103 stea izolate la domiciliu \u0219i care au nevoie de hran\u0103 \u0219i medicamente, la cadrele medicale [...]<\/p><\/div><\/div><\/div><\/article><article id=\"portfolio-1-post-13743\" class=\"fusion-portfolio-post proiecte-incheiate fusion-col-spacing post-13743\"><div class=\"fusion-portfolio-content-wrapper\" style=\"border:none;\"><span class=\"vcard rich-snippet-hidden\"><span class=\"fn\"><a href=\"https:\/\/valoareplus.ro\/?author=1\" title=\"Articole de Asociatia Valoare Plus\" rel=\"author\">Asociatia Valoare Plus<\/a><\/span><\/span><span class=\"updated rich-snippet-hidden\">2020-03-24T15:11:57+02:00<\/span><div  class=\"fusion-image-wrapper\" aria-haspopup=\"true\">\n\t\t\t\t<img decoding=\"async\" width=\"1550\" height=\"849\" src=\"https:\/\/valoareplus.ro\/wp-content\/uploads\/2018\/11\/cover-campanie-o-masa-pentru-cei-fara-casa.jpg\" class=\"attachment-full size-full wp-post-image\" alt=\"\" srcset=\"https:\/\/valoareplus.ro\/wp-content\/uploads\/2018\/11\/cover-campanie-o-masa-pentru-cei-fara-casa-200x110.jpg 200w, https:\/\/valoareplus.ro\/wp-content\/uploads\/2018\/11\/cover-campanie-o-masa-pentru-cei-fara-casa-400x219.jpg 400w, https:\/\/valoareplus.ro\/wp-content\/uploads\/2018\/11\/cover-campanie-o-masa-pentru-cei-fara-casa-600x329.jpg 600w, https:\/\/valoareplus.ro\/wp-content\/uploads\/2018\/11\/cover-campanie-o-masa-pentru-cei-fara-casa-800x438.jpg 800w, https:\/\/valoareplus.ro\/wp-content\/uploads\/2018\/11\/cover-campanie-o-masa-pentru-cei-fara-casa-1200x657.jpg 1200w, https:\/\/valoareplus.ro\/wp-content\/uploads\/2018\/11\/cover-campanie-o-masa-pentru-cei-fara-casa.jpg 1550w\" sizes=\"(min-width: 2200px) 100vw, (min-width: 704px) 392px, (min-width: 672px) 588px, (min-width: 640px) 672px, \" \/><div class=\"fusion-rollover\">\n\t<div class=\"fusion-rollover-content\">\n\n\t\t\t\t\t\t\t\t\t\t\t\t\t\t<a class=\"fusion-rollover-link\" href=\"https:\/\/valoareplus.ro\/?avada_portfolio=ofera-o-masa-celor-fara-casa\">Ofer\u0103 o mas\u0103 celor f\u0103r\u0103 cas\u0103 15 dec 2019 &#8211; 15 ian 2020<\/a>\n\t\t\t\n\t\t\t\t\t\t\t\t\t\t\t\t\t\t\n\t\t\t\t\t\t\t\t\t\t\t\t\t\t\t\t\t\n\t\t\t\t\t\t\t\t\t\t\t\t\t<div class=\"fusion-rollover-sep\"><\/div>\n\t\t\t\t\n\t\t\t\t\t\t\t\t\t\t\t\t\t\t\t\t\t\t<a class=\"fusion-rollover-gallery\" href=\"https:\/\/youtu.be\/yGfmZjpM0IA\" data-id=\"13743\" data-rel=\"iLightbox[gallery-rw-1]\" data-title=\"cover campanie o masa pentru cei fara casa\" data-caption=\"\">\n\t\t\t\t\t\tGallery\t\t\t\t\t<\/a>\n\t\t\t\t\t\t\t\t\t\t\t\t\t\t\n\t\t\n\t\t\t\t\t\t\t\t\t\t\t\t<h4 class=\"fusion-rollover-title\">\n\t\t\t\t\t<a class=\"fusion-rollover-title-link\" href=\"https:\/\/valoareplus.ro\/?avada_portfolio=ofera-o-masa-celor-fara-casa\">\n\t\t\t\t\t\tOfer\u0103 o mas\u0103 celor f\u0103r\u0103 cas\u0103 15 dec 2019 &#8211; 15 ian 2020\t\t\t\t\t<\/a>\n\t\t\t\t<\/h4>\n\t\t\t\n\t\t\t\t\t\t\t\t\t\t<div class=\"fusion-rollover-categories\"><a href=\"https:\/\/valoareplus.ro\/?portfolio_category=proiecte-incheiate\" rel=\"tag\">Proiecte \u00eencheiate<\/a><\/div>\t\t\t\t\t\n\t\t\n\t\t\t\t\t\t<a class=\"fusion-link-wrapper\" href=\"https:\/\/valoareplus.ro\/?avada_portfolio=ofera-o-masa-celor-fara-casa\" aria-label=\"Ofer\u0103 o mas\u0103 celor f\u0103r\u0103 cas\u0103 15 dec 2019 &#8211; 15 ian 2020\"><\/a>\n\t<\/div>\n<\/div>\n<\/div>\n<div class=\"fusion-portfolio-content\"><h2 class=\"entry-title fusion-post-title\"><a href=\"https:\/\/valoareplus.ro\/?avada_portfolio=ofera-o-masa-celor-fara-casa\">Ofer\u0103 o mas\u0103 celor f\u0103r\u0103 cas\u0103 15 dec 2019 &#8211; 15 ian 2020<\/a><\/h2><div class=\"fusion-portfolio-meta\"><a href=\"https:\/\/valoareplus.ro\/?portfolio_category=proiecte-incheiate\" rel=\"tag\">Proiecte \u00eencheiate<\/a><\/div><div class=\"fusion-post-content\"><p> \"Dac\u0103 \u00een timpul s\u0103rb\u0103torilor de iarn\u0103 ai masa \u00eenc\u0103rcat\u0103, atunci te provoc\u0103m s\u0103 d\u0103ruie\u0219ti \u0219i celor ce nu au cas\u0103 o mas\u0103 cald\u0103 de s\u0103rb\u0103tori. Ca anul trecut, am hot\u0103r\u00e2t s\u0103 desf\u0103\u0219ur\u0103m campania:\"Ofer\u0103 o mas\u0103 celor f\u0103r\u0103 cas\u0103!\", campanie ce \u00ee\u0219i propune ca \u00een perioada 15 decembrie - 15 [...]<\/p><\/div><\/div><\/div><\/article><article id=\"portfolio-1-post-12776\" class=\"fusion-portfolio-post magazin-2 fusion-col-spacing post-12776\"><div class=\"fusion-portfolio-content-wrapper\" style=\"border:none;\"><span class=\"vcard rich-snippet-hidden\"><span class=\"fn\"><a href=\"https:\/\/valoareplus.ro\/?author=1\" title=\"Articole de Asociatia Valoare Plus\" rel=\"author\">Asociatia Valoare Plus<\/a><\/span><\/span><span class=\"updated rich-snippet-hidden\">2018-03-12T10:57:05+02:00<\/span><div  class=\"fusion-image-wrapper\" aria-haspopup=\"true\">\n\t\t\t\t<img decoding=\"async\" width=\"600\" height=\"578\" src=\"https:\/\/valoareplus.ro\/wp-content\/uploads\/2018\/01\/carti-te-invit-la-provocare3-1.jpg\" class=\"attachment-full size-full wp-post-image\" alt=\"\" srcset=\"https:\/\/valoareplus.ro\/wp-content\/uploads\/2018\/01\/carti-te-invit-la-provocare3-1-200x193.jpg 200w, https:\/\/valoareplus.ro\/wp-content\/uploads\/2018\/01\/carti-te-invit-la-provocare3-1-400x385.jpg 400w, https:\/\/valoareplus.ro\/wp-content\/uploads\/2018\/01\/carti-te-invit-la-provocare3-1.jpg 600w\" sizes=\"(min-width: 2200px) 100vw, (min-width: 704px) 392px, (min-width: 672px) 588px, (min-width: 640px) 672px, \" \/><div class=\"fusion-rollover\">\n\t<div class=\"fusion-rollover-content\">\n\n\t\t\t\t\t\t\t\t\t\t\t\t\t\t<a class=\"fusion-rollover-link\" href=\"https:\/\/valoareplus.ro\/?avada_portfolio=jocul-te-invit-la-provocare\">Jocul: Te invit la provocare<\/a>\n\t\t\t\n\t\t\t\t\t\t\t\t\t\t\t\t\t\t\n\t\t\t\t\t\t\t\t\n\t\t\t\t\t\t\t\t\t\t\t\t\t<div class=\"fusion-rollover-sep\"><\/div>\n\t\t\t\t\n\t\t\t\t\t\t\t\t\t\t\t\t\t\t\t\t\t\t<a class=\"fusion-rollover-gallery\" href=\"https:\/\/valoareplus.ro\/wp-content\/uploads\/2018\/01\/carti-te-invit-la-provocare3-1.jpg\" data-id=\"12776\" data-rel=\"iLightbox[gallery-rw-1]\" data-title=\"carti te invit la provocare3\" data-caption=\"\">\n\t\t\t\t\t\tGallery\t\t\t\t\t<\/a>\n\t\t\t\t\t\t\t\t\t\t\t\t\t\t\n\t\t\n\t\t\t\t\t\t\t\t\t\t\t\t<h4 class=\"fusion-rollover-title\">\n\t\t\t\t\t<a class=\"fusion-rollover-title-link\" href=\"https:\/\/valoareplus.ro\/?avada_portfolio=jocul-te-invit-la-provocare\">\n\t\t\t\t\t\tJocul: Te invit la provocare\t\t\t\t\t<\/a>\n\t\t\t\t<\/h4>\n\t\t\t\n\t\t\t\t\t\t\t\t\t\t<div class=\"fusion-rollover-categories\"><a href=\"https:\/\/valoareplus.ro\/?portfolio_category=magazin-2\" rel=\"tag\">Magazin<\/a><\/div>\t\t\t\t\t\n\t\t\n\t\t\t\t\t\t<a class=\"fusion-link-wrapper\" href=\"https:\/\/valoareplus.ro\/?avada_portfolio=jocul-te-invit-la-provocare\" aria-label=\"Jocul: Te invit la provocare\"><\/a>\n\t<\/div>\n<\/div>\n<\/div>\n<div class=\"fusion-portfolio-content\"><h2 class=\"entry-title fusion-post-title\"><a href=\"https:\/\/valoareplus.ro\/?avada_portfolio=jocul-te-invit-la-provocare\">Jocul: Te invit la provocare<\/a><\/h2><div class=\"fusion-portfolio-meta\"><a href=\"https:\/\/valoareplus.ro\/?portfolio_category=magazin-2\" rel=\"tag\">Magazin<\/a><\/div><div class=\"fusion-post-content\"><p> E\u0219ti preg\u0103tit s\u0103 fii provocat?  Un nou joc simplu \u0219i antrenant pentru grupuri  De c\u00e2te ori nu te-ai plictisit de\u0219i te aflai al\u0103turi de prietenii t\u0103i favori\u021bi? Este timpul pentru ceva nou! \"Te invit la provocare\" este un joc dedicat grupurilor de tineri ambi\u021bio\u0219i, provoc\u00e2ndu-i la diferite [...]<\/p><\/div><\/div><\/div><\/article><article id=\"portfolio-1-post-12675\" class=\"fusion-portfolio-post proiecte-incheiate fusion-col-spacing post-12675\"><div class=\"fusion-portfolio-content-wrapper\" style=\"border:none;\"><span class=\"vcard rich-snippet-hidden\"><span class=\"fn\"><a href=\"https:\/\/valoareplus.ro\/?author=1\" title=\"Articole de Asociatia Valoare Plus\" rel=\"author\">Asociatia Valoare Plus<\/a><\/span><\/span><span class=\"updated rich-snippet-hidden\">2018-01-04T11:02:17+02:00<\/span><div  class=\"fusion-image-wrapper\" aria-haspopup=\"true\">\n\t\t\t\t<img decoding=\"async\" width=\"900\" height=\"506\" src=\"https:\/\/valoareplus.ro\/wp-content\/uploads\/2017\/11\/hrana-oamenii-strazii-2016.jpg\" class=\"attachment-full size-full wp-post-image\" alt=\"\" srcset=\"https:\/\/valoareplus.ro\/wp-content\/uploads\/2017\/11\/hrana-oamenii-strazii-2016-200x112.jpg 200w, https:\/\/valoareplus.ro\/wp-content\/uploads\/2017\/11\/hrana-oamenii-strazii-2016-400x225.jpg 400w, https:\/\/valoareplus.ro\/wp-content\/uploads\/2017\/11\/hrana-oamenii-strazii-2016-600x337.jpg 600w, https:\/\/valoareplus.ro\/wp-content\/uploads\/2017\/11\/hrana-oamenii-strazii-2016-800x450.jpg 800w, https:\/\/valoareplus.ro\/wp-content\/uploads\/2017\/11\/hrana-oamenii-strazii-2016.jpg 900w\" sizes=\"(min-width: 2200px) 100vw, (min-width: 704px) 392px, (min-width: 672px) 588px, (min-width: 640px) 672px, \" \/><div class=\"fusion-rollover\">\n\t<div class=\"fusion-rollover-content\">\n\n\t\t\t\t\t\t\t\t\t\t\t\t\t\t<a class=\"fusion-rollover-link\" href=\"https:\/\/valoareplus.ro\/?avada_portfolio=noapte-de-iarna-in-gara-bacau\">Ne pas\u0103 de cei ce n-au cas\u0103<\/a>\n\t\t\t\n\t\t\t\t\t\t\t\t\t\t\t\t\t\t\n\t\t\t\t\t\t\t\t\t\t\t\t\t\t\t\t\t\n\t\t\t\t\t\t\t\t\t\t\t\t\t<div class=\"fusion-rollover-sep\"><\/div>\n\t\t\t\t\n\t\t\t\t\t\t\t\t\t\t\t\t\t\t\t\t\t\t<a class=\"fusion-rollover-gallery\" href=\"https:\/\/youtu.be\/yGfmZjpM0IA\" data-id=\"12675\" data-rel=\"iLightbox[gallery-rw-1]\" data-title=\"hrana oamenii strazii 2016\" data-caption=\"\">\n\t\t\t\t\t\tGallery\t\t\t\t\t<\/a>\n\t\t\t\t\t\t\t\t\t\t\t\t\t\t\n\t\t\n\t\t\t\t\t\t\t\t\t\t\t\t<h4 class=\"fusion-rollover-title\">\n\t\t\t\t\t<a class=\"fusion-rollover-title-link\" href=\"https:\/\/valoareplus.ro\/?avada_portfolio=noapte-de-iarna-in-gara-bacau\">\n\t\t\t\t\t\tNe pas\u0103 de cei ce n-au cas\u0103\t\t\t\t\t<\/a>\n\t\t\t\t<\/h4>\n\t\t\t\n\t\t\t\t\t\t\t\t\t\t<div class=\"fusion-rollover-categories\"><a href=\"https:\/\/valoareplus.ro\/?portfolio_category=proiecte-incheiate\" rel=\"tag\">Proiecte \u00eencheiate<\/a><\/div>\t\t\t\t\t\n\t\t\n\t\t\t\t\t\t<a class=\"fusion-link-wrapper\" href=\"https:\/\/valoareplus.ro\/?avada_portfolio=noapte-de-iarna-in-gara-bacau\" aria-label=\"Ne pas\u0103 de cei ce n-au cas\u0103\"><\/a>\n\t<\/div>\n<\/div>\n<\/div>\n<div class=\"fusion-portfolio-content\"><h2 class=\"entry-title fusion-post-title\"><a href=\"https:\/\/valoareplus.ro\/?avada_portfolio=noapte-de-iarna-in-gara-bacau\">Ne pas\u0103 de cei ce n-au cas\u0103<\/a><\/h2><div class=\"fusion-portfolio-meta\"><a href=\"https:\/\/valoareplus.ro\/?portfolio_category=proiecte-incheiate\" rel=\"tag\">Proiecte \u00eencheiate<\/a><\/div><div class=\"fusion-post-content\"><p> \"Nu-mi pot scoate din minte imaginea dezolant\u0103 a Cr\u0103ciunului din 2016 c\u00e2nd, trec\u00e2nd prin Gara din Bac\u0103u, aceasta era plin\u0103 ochi cu adul\u021bi \u0219i copii care \u00eennoptau \u00eentr-un frig cr\u00e2ncen. Nu putem fi indiferen\u021bi la a\u0219a ceva. Chiar dac\u0103 nu-i cunoa\u0219tem pe ace\u0219ti oameni, nu putem fi nep\u0103s\u0103tori la [...]<\/p><\/div><\/div><\/div><\/article><article id=\"portfolio-1-post-12622\" class=\"fusion-portfolio-post proiecte-incheiate fusion-col-spacing post-12622\"><div class=\"fusion-portfolio-content-wrapper\" style=\"border:none;\"><span class=\"vcard rich-snippet-hidden\"><span class=\"fn\"><a href=\"https:\/\/valoareplus.ro\/?author=1\" title=\"Articole de Asociatia Valoare Plus\" rel=\"author\">Asociatia Valoare Plus<\/a><\/span><\/span><span class=\"updated rich-snippet-hidden\">2018-06-26T09:29:22+02:00<\/span><div  class=\"fusion-image-wrapper\" aria-haspopup=\"true\">\n\t\t\t\t<img decoding=\"async\" width=\"900\" height=\"675\" src=\"https:\/\/valoareplus.ro\/wp-content\/uploads\/2017\/10\/Casa-denis2.jpg\" class=\"attachment-full size-full wp-post-image\" alt=\"\" srcset=\"https:\/\/valoareplus.ro\/wp-content\/uploads\/2017\/10\/Casa-denis2-200x150.jpg 200w, https:\/\/valoareplus.ro\/wp-content\/uploads\/2017\/10\/Casa-denis2-400x300.jpg 400w, https:\/\/valoareplus.ro\/wp-content\/uploads\/2017\/10\/Casa-denis2-600x450.jpg 600w, https:\/\/valoareplus.ro\/wp-content\/uploads\/2017\/10\/Casa-denis2-800x600.jpg 800w, https:\/\/valoareplus.ro\/wp-content\/uploads\/2017\/10\/Casa-denis2.jpg 900w\" sizes=\"(min-width: 2200px) 100vw, (min-width: 704px) 392px, (min-width: 672px) 588px, (min-width: 640px) 672px, \" \/><div class=\"fusion-rollover\">\n\t<div class=\"fusion-rollover-content\">\n\n\t\t\t\t\t\t\t\t\t\t\t\t\t\t<a class=\"fusion-rollover-link\" href=\"https:\/\/valoareplus.ro\/?avada_portfolio=casa-denis\">Casa Denis<\/a>\n\t\t\t\n\t\t\t\t\t\t\t\t\t\t\t\t\t\t\n\t\t\t\t\t\t\t\t\t\t\t\t\t\t\t\t\t\n\t\t\t\t\t\t\t\t\t\t\t\t\t<div class=\"fusion-rollover-sep\"><\/div>\n\t\t\t\t\n\t\t\t\t\t\t\t\t\t\t\t\t\t\t\t\t\t\t<a class=\"fusion-rollover-gallery\" href=\"https:\/\/youtu.be\/GRylZUejSDU\" data-id=\"12622\" data-rel=\"iLightbox[gallery-rw-1]\" data-title=\"Casa denis2\" data-caption=\"\">\n\t\t\t\t\t\tGallery\t\t\t\t\t<\/a>\n\t\t\t\t\t\t\t\t\t\t\t\t\t\t\n\t\t\n\t\t\t\t\t\t\t\t\t\t\t\t<h4 class=\"fusion-rollover-title\">\n\t\t\t\t\t<a class=\"fusion-rollover-title-link\" href=\"https:\/\/valoareplus.ro\/?avada_portfolio=casa-denis\">\n\t\t\t\t\t\tCasa Denis\t\t\t\t\t<\/a>\n\t\t\t\t<\/h4>\n\t\t\t\n\t\t\t\t\t\t\t\t\t\t<div class=\"fusion-rollover-categories\"><a href=\"https:\/\/valoareplus.ro\/?portfolio_category=proiecte-incheiate\" rel=\"tag\">Proiecte \u00eencheiate<\/a><\/div>\t\t\t\t\t\n\t\t\n\t\t\t\t\t\t<a class=\"fusion-link-wrapper\" href=\"https:\/\/valoareplus.ro\/?avada_portfolio=casa-denis\" aria-label=\"Casa Denis\"><\/a>\n\t<\/div>\n<\/div>\n<\/div>\n<div class=\"fusion-portfolio-content\"><h2 class=\"entry-title fusion-post-title\"><a href=\"https:\/\/valoareplus.ro\/?avada_portfolio=casa-denis\">Casa Denis<\/a><\/h2><div class=\"fusion-portfolio-meta\"><a href=\"https:\/\/valoareplus.ro\/?portfolio_category=proiecte-incheiate\" rel=\"tag\">Proiecte \u00eencheiate<\/a><\/div><div class=\"fusion-post-content\"><p>Cite\u0219te articolul cu detaliile finaliz\u0103rii proiectului.<\/p><\/div><\/div><\/div><\/article><article id=\"portfolio-1-post-12518\" class=\"fusion-portfolio-post conferinte-2 fusion-col-spacing post-12518\"><div class=\"fusion-portfolio-content-wrapper\" style=\"border:none;\"><span class=\"vcard rich-snippet-hidden\"><span class=\"fn\"><a href=\"https:\/\/valoareplus.ro\/?author=1\" title=\"Articole de Asociatia Valoare Plus\" rel=\"author\">Asociatia Valoare Plus<\/a><\/span><\/span><span class=\"updated rich-snippet-hidden\">2017-06-05T09:20:13+02:00<\/span><div  class=\"fusion-image-wrapper\" aria-haspopup=\"true\">\n\t\t\t\t<img decoding=\"async\" width=\"640\" height=\"905\" src=\"https:\/\/valoareplus.ro\/wp-content\/uploads\/2017\/03\/cover-conferinta-pastreaza-ti-libertatea.jpg\" class=\"attachment-full size-full wp-post-image\" alt=\"\" srcset=\"https:\/\/valoareplus.ro\/wp-content\/uploads\/2017\/03\/cover-conferinta-pastreaza-ti-libertatea-200x283.jpg 200w, https:\/\/valoareplus.ro\/wp-content\/uploads\/2017\/03\/cover-conferinta-pastreaza-ti-libertatea-400x566.jpg 400w, https:\/\/valoareplus.ro\/wp-content\/uploads\/2017\/03\/cover-conferinta-pastreaza-ti-libertatea-600x848.jpg 600w, https:\/\/valoareplus.ro\/wp-content\/uploads\/2017\/03\/cover-conferinta-pastreaza-ti-libertatea.jpg 640w\" sizes=\"(min-width: 2200px) 100vw, (min-width: 704px) 392px, (min-width: 672px) 588px, (min-width: 640px) 672px, \" \/><div class=\"fusion-rollover\">\n\t<div class=\"fusion-rollover-content\">\n\n\t\t\t\t\t\t\t\t\t\t\t\t\t\t<a class=\"fusion-rollover-link\" href=\"https:\/\/valoareplus.ro\/?avada_portfolio=conferinta-pastreaza-ti-libertatea-traficul-de-persoane-inrobeste\">Conferinta &#8222;P\u0103streaz\u0103-\u021bi libertatea. Traficul de persoane \u00eenrobe\u0219te&#8221;<\/a>\n\t\t\t\n\t\t\t\t\t\t\t\t\t\t\t\t\t\t\n\t\t\t\t\t\t\t\t\n\t\t\t\t\t\t\t\t\t\t\t\t\t<div class=\"fusion-rollover-sep\"><\/div>\n\t\t\t\t\n\t\t\t\t\t\t\t\t\t\t\t\t\t\t\t\t\t\t<a class=\"fusion-rollover-gallery\" href=\"https:\/\/valoareplus.ro\/wp-content\/uploads\/2017\/03\/cover-conferinta-pastreaza-ti-libertatea.jpg\" data-id=\"12518\" data-rel=\"iLightbox[gallery-rw-1]\" data-title=\"cover conferinta pastreaza-ti libertatea\" data-caption=\"\">\n\t\t\t\t\t\tGallery\t\t\t\t\t<\/a>\n\t\t\t\t\t\t\t\t\t\t\t\t\t\t\n\t\t\n\t\t\t\t\t\t\t\t\t\t\t\t<h4 class=\"fusion-rollover-title\">\n\t\t\t\t\t<a class=\"fusion-rollover-title-link\" href=\"https:\/\/valoareplus.ro\/?avada_portfolio=conferinta-pastreaza-ti-libertatea-traficul-de-persoane-inrobeste\">\n\t\t\t\t\t\tConferinta &#8222;P\u0103streaz\u0103-\u021bi libertatea. Traficul de persoane \u00eenrobe\u0219te&#8221;\t\t\t\t\t<\/a>\n\t\t\t\t<\/h4>\n\t\t\t\n\t\t\t\t\t\t\t\t\t\t<div class=\"fusion-rollover-categories\"><a href=\"https:\/\/valoareplus.ro\/?portfolio_category=conferinte-2\" rel=\"tag\">Conferin\u0163e Publice<\/a><\/div>\t\t\t\t\t\n\t\t\n\t\t\t\t\t\t<a class=\"fusion-link-wrapper\" href=\"https:\/\/valoareplus.ro\/?avada_portfolio=conferinta-pastreaza-ti-libertatea-traficul-de-persoane-inrobeste\" aria-label=\"Conferinta &#8222;P\u0103streaz\u0103-\u021bi libertatea. Traficul de persoane \u00eenrobe\u0219te&#8221;\"><\/a>\n\t<\/div>\n<\/div>\n<\/div>\n<div class=\"fusion-portfolio-content\"><h2 class=\"entry-title fusion-post-title\"><a href=\"https:\/\/valoareplus.ro\/?avada_portfolio=conferinta-pastreaza-ti-libertatea-traficul-de-persoane-inrobeste\">Conferinta &#8222;P\u0103streaz\u0103-\u021bi libertatea. Traficul de persoane \u00eenrobe\u0219te&#8221;<\/a><\/h2><div class=\"fusion-portfolio-meta\"><a href=\"https:\/\/valoareplus.ro\/?portfolio_category=conferinte-2\" rel=\"tag\">Conferin\u0163e Publice<\/a><\/div><div class=\"fusion-post-content\"><p> S\u00e2mb\u0103t\u0103,\u00a06 mai 2017, \u00eencep\u00e2nd cu ora 9:00, Asocia\u021bia Valoare Plus organizeaz\u0103 conferin\u021ba \"P\u0103streaz\u0103-\u021bi libertatea! Traficul de persoane \u00eenrobe\u0219te\". Aceasta se va desf\u0103\u0219ura la sala Ateneului \"Mihail Jora\" Bac\u0103u. Conferin\u021ba se adreseaz\u0103 grupurilor de suport din cadrul proiectului Stay Free, aprox 300 de liceeni din regiunea Moldovei. Scopul conferin\u021bei este [...]<\/p><\/div><\/div><\/div><\/article><article id=\"portfolio-1-post-12353\" class=\"fusion-portfolio-post proiecte-active fusion-col-spacing post-12353\"><div class=\"fusion-portfolio-content-wrapper\" style=\"border:none;\"><span class=\"vcard rich-snippet-hidden\"><span class=\"fn\"><a href=\"https:\/\/valoareplus.ro\/?author=1\" title=\"Articole de Asociatia Valoare Plus\" rel=\"author\">Asociatia Valoare Plus<\/a><\/span><\/span><span class=\"updated rich-snippet-hidden\">2020-05-24T21:06:32+02:00<\/span><div  class=\"fusion-image-wrapper\" aria-haspopup=\"true\">\n\t\t\t\t<img decoding=\"async\" width=\"1000\" height=\"665\" src=\"https:\/\/valoareplus.ro\/wp-content\/uploads\/2017\/01\/DSC_0505.jpg\" class=\"attachment-full size-full wp-post-image\" alt=\"\" srcset=\"https:\/\/valoareplus.ro\/wp-content\/uploads\/2017\/01\/DSC_0505-200x133.jpg 200w, https:\/\/valoareplus.ro\/wp-content\/uploads\/2017\/01\/DSC_0505-400x266.jpg 400w, https:\/\/valoareplus.ro\/wp-content\/uploads\/2017\/01\/DSC_0505-600x399.jpg 600w, https:\/\/valoareplus.ro\/wp-content\/uploads\/2017\/01\/DSC_0505-800x532.jpg 800w, https:\/\/valoareplus.ro\/wp-content\/uploads\/2017\/01\/DSC_0505.jpg 1000w\" sizes=\"(min-width: 2200px) 100vw, (min-width: 704px) 392px, (min-width: 672px) 588px, (min-width: 640px) 672px, \" \/><div class=\"fusion-rollover\">\n\t<div class=\"fusion-rollover-content\">\n\n\t\t\t\t\t\t\t\t\t\t\t\t\t\t<a class=\"fusion-rollover-link\" href=\"https:\/\/valoareplus.ro\/?avada_portfolio=donatii-de-alimente-si-imbracaminte\">Dona\u021bii de alimente \u0219i \u00eembr\u0103c\u0103minte<\/a>\n\t\t\t\n\t\t\t\t\t\t\t\t\t\t\t\t\t\t\n\t\t\t\t\t\t\t\t\n\t\t\t\t\t\t\t\t\t\t\t\t\t<div class=\"fusion-rollover-sep\"><\/div>\n\t\t\t\t\n\t\t\t\t\t\t\t\t\t\t\t\t\t\t\t\t\t\t<a class=\"fusion-rollover-gallery\" href=\"https:\/\/valoareplus.ro\/wp-content\/uploads\/2017\/01\/DSC_0505.jpg\" data-id=\"12353\" data-rel=\"iLightbox[gallery-rw-1]\" data-title=\"DSC_0505\" data-caption=\"\">\n\t\t\t\t\t\tGallery\t\t\t\t\t<\/a>\n\t\t\t\t\t\t\t\t\t\t\t\t\t\t\n\t\t\n\t\t\t\t\t\t\t\t\t\t\t\t<h4 class=\"fusion-rollover-title\">\n\t\t\t\t\t<a class=\"fusion-rollover-title-link\" href=\"https:\/\/valoareplus.ro\/?avada_portfolio=donatii-de-alimente-si-imbracaminte\">\n\t\t\t\t\t\tDona\u021bii de alimente \u0219i \u00eembr\u0103c\u0103minte\t\t\t\t\t<\/a>\n\t\t\t\t<\/h4>\n\t\t\t\n\t\t\t\t\t\t\t\t\t\t<div class=\"fusion-rollover-categories\"><a href=\"https:\/\/valoareplus.ro\/?portfolio_category=proiecte-active\" rel=\"tag\">Proiecte active<\/a><\/div>\t\t\t\t\t\n\t\t\n\t\t\t\t\t\t<a class=\"fusion-link-wrapper\" href=\"https:\/\/valoareplus.ro\/?avada_portfolio=donatii-de-alimente-si-imbracaminte\" aria-label=\"Dona\u021bii de alimente \u0219i \u00eembr\u0103c\u0103minte\"><\/a>\n\t<\/div>\n<\/div>\n<\/div>\n<div class=\"fusion-portfolio-content\"><h2 class=\"entry-title fusion-post-title\"><a href=\"https:\/\/valoareplus.ro\/?avada_portfolio=donatii-de-alimente-si-imbracaminte\">Dona\u021bii de alimente \u0219i \u00eembr\u0103c\u0103minte<\/a><\/h2><div class=\"fusion-portfolio-meta\"><a href=\"https:\/\/valoareplus.ro\/?portfolio_category=proiecte-active\" rel=\"tag\">Proiecte active<\/a><\/div><div class=\"fusion-post-content\"><p> Prin acest proiect ajut\u0103m familii \u0219i persoane aflate la nevoie cu alimente \u0219i \u00eembr\u0103c\u0103minte. Dac\u0103 cuno\u0219ti persoane sau familii aflate \u00een situa\u021bii deosebite, nu ezita s\u0103 ne contactezi cu nevoia direct la sediul Valoare Plus pe Str. Orizontului nr.16, Bac\u0103u sau prin completarea formularului de mai jos.   [...]<\/p><\/div><\/div><\/div><\/article><\/div><div class=\"pagination clearfix\"><span class=\"current\">1<\/span><a href=\"https:\/\/valoareplus.ro\/index.php\/wp\/v2\/pages\/11343&#038;paged=2?rest_route=\" class=\"inactive\">2<\/a><a class=\"pagination-next\" rel=\"next\" href=\"https:\/\/valoareplus.ro\/index.php\/wp\/v2\/pages\/11343&#038;paged=2?rest_route=\"><span class=\"page-text\">Inainte<\/span><span class=\"page-next\"><\/span><\/a><\/div><div class=\"fusion-clearfix\"><\/div><\/div><div class=\"fusion-clearfix\"><\/div><\/div><\/div><\/div><style type=\"text\/css\">.fusion-fullwidth.fusion-builder-row-1 { overflow:visible; }<\/style><\/div>\n","protected":false},"excerpt":{"rendered":"","protected":false},"author":1,"featured_media":0,"parent":0,"menu_order":0,"comment_status":"open","ping_status":"closed","template":"","meta":{"footnotes":""},"class_list":["post-11343","page","type-page","status-publish","hentry"],"_links":{"self":[{"href":"https:\/\/valoareplus.ro\/index.php?rest_route=\/wp\/v2\/pages\/11343","targetHints":{"allow":["GET"]}}],"collection":[{"href":"https:\/\/valoareplus.ro\/index.php?rest_route=\/wp\/v2\/pages"}],"about":[{"href":"https:\/\/valoareplus.ro\/index.php?rest_route=\/wp\/v2\/types\/page"}],"author":[{"embeddable":true,"href":"https:\/\/valoareplus.ro\/index.php?rest_route=\/wp\/v2\/users\/1"}],"replies":[{"embeddable":true,"href":"https:\/\/valoareplus.ro\/index.php?rest_route=%2Fwp%2Fv2%2Fcomments&post=11343"}],"version-history":[{"count":2,"href":"https:\/\/valoareplus.ro\/index.php?rest_route=\/wp\/v2\/pages\/11343\/revisions"}],"predecessor-version":[{"id":12169,"href":"https:\/\/valoareplus.ro\/index.php?rest_route=\/wp\/v2\/pages\/11343\/revisions\/12169"}],"wp:attachment":[{"href":"https:\/\/valoareplus.ro\/index.php?rest_route=%2Fwp%2Fv2%2Fmedia&parent=11343"}],"curies":[{"name":"wp","href":"https:\/\/api.w.org\/{rel}","templated":true}]}}