{"id":14018,"date":"2020-03-24T15:32:47","date_gmt":"2020-03-24T13:32:47","guid":{"rendered":"https:\/\/valoareplus.ro\/?post_type=avada_portfolio&#038;p=14018"},"modified":"2020-12-11T14:12:26","modified_gmt":"2020-12-11T12:12:26","slug":"donez-ca-sa-protejez","status":"publish","type":"avada_portfolio","link":"https:\/\/valoareplus.ro\/?avada_portfolio=donez-ca-sa-protejez","title":{"rendered":"Campanie de str\u00e2ngere de fonduri: Donez ca s\u0103 protejez"},"content":{"rendered":"<div class=\"fusion-fullwidth fullwidth-box fusion-builder-row-1 nonhundred-percent-fullwidth non-hundred-percent-height-scrolling\" style=\"background-color: rgba(255,255,255,0);background-position: center center;background-repeat: no-repeat;padding-top:0px;padding-right:0px;padding-bottom:0px;padding-left:0px;margin-bottom: 0px;margin-top: 0px;border-width: 0px 0px 0px 0px;border-color:#eae9e9;border-style:solid;\" ><div class=\"fusion-builder-row fusion-row\"><div class=\"fusion-layout-column fusion_builder_column fusion-builder-column-0 fusion_builder_column_1_1 1_1 fusion-one-full fusion-column-first fusion-column-last\" style=\"margin-top:0px;margin-bottom:20px;\"><div class=\"fusion-column-wrapper fusion-flex-column-wrapper-legacy\" style=\"background-position:left top;background-repeat:no-repeat;-webkit-background-size:cover;-moz-background-size:cover;-o-background-size:cover;background-size:cover;padding: 0px 0px 0px 0px;\"><div class=\"fusion-text fusion-text-1\"><blockquote>\n<p>To\u021bi trecem prin aceste momente dificile, dar uni dintre noi au nevoie mai mult dec\u00e2t al\u021bi, de aten\u021bia, sprijinul \u0219i protec\u021bia noastr\u0103. M\u0103 refer aici la persoanele \u00een v\u00e2rst\u0103 \u0219i singure care trebuie s\u0103 stea izolate la domiciliu \u0219i care au nevoie de hran\u0103 \u0219i medicamente, la cadrele medicale \u0219i voluntarii implica\u021bi \u00een ac\u021biunile sociale \u0219i sunt expu\u0219i \u00een fiecare moment, la familiile vulnerabile unde venitul zilnic era asigurat de posibilitatea de-a p\u0103r\u0103si zilnic locuin\u021ba \u00een c\u0103utare de lucru \u0219i nu \u00een ultimul r\u00e2nd la persoanele f\u0103r\u0103 ad\u0103post care sunt fie izolate \u00een ad\u0103postul provizoriu al municipalit\u0103\u021bii, fie au r\u0103mas \u00een diferite locuri \u00een ora\u0219, expu\u0219i.<\/p>\n<p>Pentru to\u021bi ace\u0219tia , Asocia\u021bia \u201c Valoare Plus \u201d, cu sprijinul vostru, va oferi \u00een perioada care urmeaz\u0103, produse de igiena \u0219i protec\u021bie, medicamente, produse alimentare de baza \u0219i nu \u00een ultimul r\u00e2nd vom \u00eencuraja \u0219i transmite persoanelor greu \u00eencercate, c\u0103 exist\u0103 speran\u021b\u0103 \u0219i totul va fi bine. Mul\u021bumesc anticipat tuturor celor care ve\u021bi dona \u0219i ve\u021bi sprijini ini\u021biativa noastr\u0103.<\/p>\n<p style=\"text-align: right;\">&#8211; Marian P\u0103dure\u021b &#8211; pre\u0219edintele Asocia\u021biei Valoare Plus<\/p>\n<\/blockquote>\n<\/div><div class=\"fusion-clearfix\"><\/div><\/div><\/div><div class=\"fusion-layout-column fusion_builder_column fusion-builder-column-1 fusion_builder_column_2_3 2_3 fusion-two-third fusion-column-first\" style=\"width:66.666666666667%;width:calc(66.666666666667% - ( ( 4% ) * 0.66666666666667 ) );margin-right: 4%;margin-top:0px;margin-bottom:20px;\"><div class=\"fusion-column-wrapper fusion-flex-column-wrapper-legacy\" style=\"background-position:left top;background-repeat:no-repeat;-webkit-background-size:cover;-moz-background-size:cover;-o-background-size:cover;background-size:cover;padding: 0px 0px 0px 0px;\"><div class=\"fusion-text fusion-text-2\"><h2>Obiectivele campaniei<\/h2>\n<ul>\n<li>achizi\u021bionare de echipamente de protec\u021bie pentru voluntari \u0219i beneficiari;<\/li>\n<li>achizi\u021bionare de produse dezinfectante \u0219i produse de igien\u0103;<\/li>\n<li>sprijinirea cu produse de strict\u0103 necesitate: alimente de baz\u0103 \u0219i medicamente;<\/li>\n<li>sprijinirea oamenilor f\u0103r\u0103 ad\u0103post din ad\u0103posturile temporare locale.<\/li>\n<\/ul>\n<\/div><div class=\"fusion-text fusion-text-3\"><p>Campania se va desf\u0103\u0219ura pe toat\u0103 perioada st\u0103rii de urgen\u021b\u0103. Ajutorul dumnevoastr\u0103 este esen\u021bial!<\/p>\n<p><strong>Targetul campaniei este de 50.000 lei.<\/strong><\/p>\n<h2>Pute\u021bi s\u0103 ne sprijini\u021bi cu orice sum\u0103 prin cele dou\u0103 modalit\u0103\u021bi:<\/h2>\n<ol>\n<li><a href=\"https:\/\/valoareplus.ro\/vreau-sa-ma-implic\/lista-noastra-de-dorinte\/\">Dona\u021bie online cu cardul bancar<\/a>;<\/li>\n<li>Transfer direct \u00een unul din conturile:<br \/>\nLEI:\u00a0 RO32BTRLRONCRT00W4801504<br \/>\nEUR: RO98BTRLEURCRT00W4801501<br \/>\nUSD: RO41BTRLUSDCRT00W4801501<br \/>\nNume:<strong> Asocia\u021bia Valoare Plus<\/strong><br \/>\nBanca: <strong>Transilvania Bank<\/strong><br \/>\nSWIFT : <strong>BTRLRO22BCA<\/strong><\/li>\n<\/ol>\n<\/div><div class=\"fusion-clearfix\"><\/div><\/div><\/div><div class=\"fusion-layout-column fusion_builder_column fusion-builder-column-2 fusion_builder_column_1_3 1_3 fusion-one-third fusion-column-last\" style=\"width:33.333333333333%;width:calc(33.333333333333% - ( ( 4% ) * 0.33333333333333 ) );margin-top:0px;margin-bottom:20px;\"><div class=\"fusion-column-wrapper fusion-flex-column-wrapper-legacy\" style=\"background-position:left top;background-repeat:no-repeat;-webkit-background-size:cover;-moz-background-size:cover;-o-background-size:cover;background-size:cover;padding: 0px 0px 0px 0px;\"><div class=\"fusion-counters-circle counters-circle\" data-animationOffset=\"top-into-view\"><div class=\"counter-circle-wrapper\" style=\"height:350px;width:350px;\" data-originalsize=\"350\"><div class=\"fusion-counter-circle counter-circle counter-circle-content\" data-percent=\"9\" data-percent-original=\"9\" data-countdown=\"1\" data-filledcolor=\"rgba(240,88,88,1)\" data-unfilledcolor=\"rgba(246,246,246,1)\" data-scale=\"1\" data-size=\"350\" data-speed=\"2500\" data-strokesize=\"17.5\" style=\"font-size:79.545454545455px;height:350px;width:350px;\"><div class=\"fusion-counter-circle-content-inner\">4400 lei<\/div><\/div><\/div><\/div><div class=\"fusion-align-block\"><style>.fusion-body .fusion-button.button-1 .fusion-button-text{text-transform:uppercase;}<\/style><a class=\"fusion-button button-3d button-xlarge button-blue button-1 fusion-button-span-yes \" target=\"_self\" title=\"vezi optiunile pentru donatii\" href=\"https:\/\/valoareplus.ro\/vreau-sa-ma-implic\/lista-noastra-de-dorinte\/\"><i class=\"fa-hand-holding-usd fas button-icon-left\" aria-hidden=\"true\"><\/i><span class=\"fusion-button-text\">Vreau s\u0103 donez<\/span><\/a><\/div><div class=\"fusion-clearfix\"><\/div><\/div><\/div><div class=\"fusion-layout-column fusion_builder_column fusion-builder-column-3 fusion_builder_column_1_1 1_1 fusion-one-full fusion-column-first fusion-column-last\" style=\"margin-top:0px;margin-bottom:20px;\"><div class=\"fusion-column-wrapper fusion-flex-column-wrapper-legacy\" style=\"background-position:left top;background-repeat:no-repeat;-webkit-background-size:cover;-moz-background-size:cover;-o-background-size:cover;background-size:cover;padding: 0px 0px 0px 0px;\"><style type=\"text\/css\"><\/style><div class=\"fusion-title title fusion-title-1 fusion-title-center fusion-title-text fusion-title-size-two\" style=\"margin-top:0px;margin-right:0px;margin-bottom:31px;margin-left:0px;\"><div class=\"title-sep-container title-sep-container-left\"><div class=\"title-sep sep-double sep-solid\" style=\"border-color:#e0dede;\"><\/div><\/div><span class=\"awb-title-spacer\"><\/span><h2 class=\"title-heading-center fusion-responsive-typography-calculated\" style=\"margin:0;--fontSize:28;line-height:0.96;\"><h2 data-fontsize=\"28\" data-lineheight=\"26\">Persoan\u0103 de contact:<\/h2><\/h2><span class=\"awb-title-spacer\"><\/span><div class=\"title-sep-container title-sep-container-right\"><div class=\"title-sep sep-double sep-solid\" style=\"border-color:#e0dede;\"><\/div><\/div><\/div><div class=\"fusion-text fusion-text-4\"><p style=\"text-align: center;\"><strong>Marian P\u0103dure\u021b<\/strong><br \/>\nPre\u0219edintele Asocia\u021biei Valoare Plus<br \/>\n(+40)747.120.308 | <a href=\"mailto:contact@valoareplus.ro\">contact@valoareplus.ro<\/a><\/p>\n<\/div><div class=\"fusion-clearfix\"><\/div><\/div><\/div><\/div><\/div>\n","protected":false},"excerpt":{"rendered":"","protected":false},"author":1,"featured_media":14032,"menu_order":0,"comment_status":"open","ping_status":"closed","template":"","format":"standard","meta":{"footnotes":""},"portfolio_category":[55],"portfolio_skills":[],"portfolio_tags":[],"class_list":["post-14018","avada_portfolio","type-avada_portfolio","status-publish","format-standard","has-post-thumbnail","hentry","portfolio_category-proiecte-incheiate"],"_links":{"self":[{"href":"https:\/\/valoareplus.ro\/index.php?rest_route=\/wp\/v2\/avada_portfolio\/14018","targetHints":{"allow":["GET"]}}],"collection":[{"href":"https:\/\/valoareplus.ro\/index.php?rest_route=\/wp\/v2\/avada_portfolio"}],"about":[{"href":"https:\/\/valoareplus.ro\/index.php?rest_route=\/wp\/v2\/types\/avada_portfolio"}],"author":[{"embeddable":true,"href":"https:\/\/valoareplus.ro\/index.php?rest_route=\/wp\/v2\/users\/1"}],"replies":[{"embeddable":true,"href":"https:\/\/valoareplus.ro\/index.php?rest_route=%2Fwp%2Fv2%2Fcomments&post=14018"}],"version-history":[{"count":14,"href":"https:\/\/valoareplus.ro\/index.php?rest_route=\/wp\/v2\/avada_portfolio\/14018\/revisions"}],"predecessor-version":[{"id":14067,"href":"https:\/\/valoareplus.ro\/index.php?rest_route=\/wp\/v2\/avada_portfolio\/14018\/revisions\/14067"}],"wp:featuredmedia":[{"embeddable":true,"href":"https:\/\/valoareplus.ro\/index.php?rest_route=\/wp\/v2\/media\/14032"}],"wp:attachment":[{"href":"https:\/\/valoareplus.ro\/index.php?rest_route=%2Fwp%2Fv2%2Fmedia&parent=14018"}],"wp:term":[{"taxonomy":"portfolio_category","embeddable":true,"href":"https:\/\/valoareplus.ro\/index.php?rest_route=%2Fwp%2Fv2%2Fportfolio_category&post=14018"},{"taxonomy":"portfolio_skills","embeddable":true,"href":"https:\/\/valoareplus.ro\/index.php?rest_route=%2Fwp%2Fv2%2Fportfolio_skills&post=14018"},{"taxonomy":"portfolio_tags","embeddable":true,"href":"https:\/\/valoareplus.ro\/index.php?rest_route=%2Fwp%2Fv2%2Fportfolio_tags&post=14018"}],"curies":[{"name":"wp","href":"https:\/\/api.w.org\/{rel}","templated":true}]}}