{"id":10913,"date":"2013-07-30T09:51:51","date_gmt":"2013-07-30T07:51:51","guid":{"rendered":"http:\/\/valoareplus.ro\/new\/?post_type=avada_portfolio&#038;p=10913"},"modified":"2014-12-30T10:00:41","modified_gmt":"2014-12-30T08:00:41","slug":"parteneri-pentru-nutritie-si-educatie-pentru-sanatate-nes","status":"publish","type":"avada_portfolio","link":"https:\/\/valoareplus.ro\/?avada_portfolio=parteneri-pentru-nutritie-si-educatie-pentru-sanatate-nes","title":{"rendered":"Parteneri pentru Nutri\u021bie \u0219i educa\u021bie pentru s\u0103n\u0103tate \u2013 NES"},"content":{"rendered":"<p>Vineri 26 iulie 2013, echipa Valoare Plus \u00eempreun\u0103 cu echipa Asocia\u021biei Sindrom Down Bac\u0103u \u0219i-au unit sufletele \u0219i au petrecut o zi minunat\u0103 \u00een care sportul a beneficiat de toat\u0103 aten\u021bia cuvenit\u0103.<\/p>\n<p>\u00cent\u00e2lnirea a \u00eenceput de la ora 10:00 \u0219i a luat sf\u00e2r\u0219it la ora 15:30, timp \u00een care am f\u0103cut karate, jocuri de grup pe terenul de sport, ne-am b\u0103l\u0103cit \u00een pi\u0219cin\u0103, am m\u00e2ncat \u00eempreun\u0103 \u0219i am \u00eencheiat cu un cerc mare \u00een care am schimbat idei \u0219i \u00eencuraj\u0103ri.<\/p>\n<p>Proiectul Asocia\u021biei Sindrom Down Bac\u0103u poart\u0103 denumirea \u201cNutri\u021bie \u0219i educa\u021bie pentru s\u0103n\u0103tate (NES)\u201d \u0219i este finan\u021bat de Comisia European\u0103 prin programul Tineret \u00een Ac\u021biune, 1.2 Ini\u021biative ale tinerilor, un proiect ce se va desf\u0103\u0219ura \u00een comunitatea b\u0103c\u0103uana, pe durata a 7 luni \u0219i care aduce \u00een aten\u021bia comunit\u0103\u021bii tema promov\u0103rii unui stil de viata s\u0103n\u0103tos \u00een r\u00e2ndul tinerilor.<\/p>\n","protected":false},"excerpt":{"rendered":"<p>Vineri 26 iulie 2013, echipa Valoare Plus \u00eempreun\u0103 cu echipa Asocia\u021biei Sindrom Down Bac\u0103u \u0219i-au unit sufletele \u0219i au petrecut o zi minunat\u0103 \u00een care sportul a beneficiat de toat\u0103 aten\u021bia cuvenit\u0103. \u00cent\u00e2lnirea a \u00eenceput de la ora 10:00 \u0219i a luat sf\u00e2r\u0219it la ora 15:30, timp \u00een care am f\u0103cut karate, jocuri de grup pe terenul de sport, ne-am b\u0103l\u0103cit \u00een pi\u0219cin\u0103, am m\u00e2ncat [&hellip;]<\/p>\n","protected":false},"author":1,"featured_media":103,"menu_order":0,"comment_status":"open","ping_status":"closed","template":"","format":"standard","meta":{"footnotes":""},"portfolio_category":[55],"portfolio_skills":[],"portfolio_tags":[64,58],"class_list":["post-10913","avada_portfolio","type-avada_portfolio","status-publish","format-standard","has-post-thumbnail","hentry","portfolio_category-proiecte-incheiate","portfolio_tags-parteneri","portfolio_tags-proiect-social"],"_links":{"self":[{"href":"https:\/\/valoareplus.ro\/index.php?rest_route=\/wp\/v2\/avada_portfolio\/10913","targetHints":{"allow":["GET"]}}],"collection":[{"href":"https:\/\/valoareplus.ro\/index.php?rest_route=\/wp\/v2\/avada_portfolio"}],"about":[{"href":"https:\/\/valoareplus.ro\/index.php?rest_route=\/wp\/v2\/types\/avada_portfolio"}],"author":[{"embeddable":true,"href":"https:\/\/valoareplus.ro\/index.php?rest_route=\/wp\/v2\/users\/1"}],"replies":[{"embeddable":true,"href":"https:\/\/valoareplus.ro\/index.php?rest_route=%2Fwp%2Fv2%2Fcomments&post=10913"}],"version-history":[{"count":1,"href":"https:\/\/valoareplus.ro\/index.php?rest_route=\/wp\/v2\/avada_portfolio\/10913\/revisions"}],"predecessor-version":[{"id":10914,"href":"https:\/\/valoareplus.ro\/index.php?rest_route=\/wp\/v2\/avada_portfolio\/10913\/revisions\/10914"}],"wp:featuredmedia":[{"embeddable":true,"href":"https:\/\/valoareplus.ro\/index.php?rest_route=\/wp\/v2\/media\/103"}],"wp:attachment":[{"href":"https:\/\/valoareplus.ro\/index.php?rest_route=%2Fwp%2Fv2%2Fmedia&parent=10913"}],"wp:term":[{"taxonomy":"portfolio_category","embeddable":true,"href":"https:\/\/valoareplus.ro\/index.php?rest_route=%2Fwp%2Fv2%2Fportfolio_category&post=10913"},{"taxonomy":"portfolio_skills","embeddable":true,"href":"https:\/\/valoareplus.ro\/index.php?rest_route=%2Fwp%2Fv2%2Fportfolio_skills&post=10913"},{"taxonomy":"portfolio_tags","embeddable":true,"href":"https:\/\/valoareplus.ro\/index.php?rest_route=%2Fwp%2Fv2%2Fportfolio_tags&post=10913"}],"curies":[{"name":"wp","href":"https:\/\/api.w.org\/{rel}","templated":true}]}}